{"id":8,"date":"2018-07-31T11:26:02","date_gmt":"2018-07-31T09:26:02","guid":{"rendered":"http:\/\/cpmtenllado.es\/main\/?page_id=8"},"modified":"2026-04-16T12:12:32","modified_gmt":"2026-04-16T10:12:32","slug":"inicio","status":"publish","type":"page","link":"https:\/\/cpmtenllado.es\/main\/","title":{"rendered":""},"content":{"rendered":"<p>[et_pb_section fb_built=\u00bb1&#8243; fullwidth=\u00bbon\u00bb disabled_on=\u00bbon|on|on\u00bb _builder_version=\u00bb4.27.2&#8243; _module_preset=\u00bbdefault\u00bb custom_margin=\u00bb||-32px|||\u00bb disabled=\u00bbon\u00bb global_colors_info=\u00bb{}\u00bb][et_pb_fullwidth_header title=\u00bbClases suspendidas 14\/11\/2024&#8243; text_orientation=\u00bbcenter\u00bb _builder_version=\u00bb4.27.2&#8243; _dynamic_attributes=\u00bblink_option_url\u00bb _module_preset=\u00bbdefault\u00bb background_color=\u00bb#d4403a\u00bb link_option_url=\u00bb@ET-DC@eyJkeW5hbWljIjp0cnVlLCJjb250ZW50IjoicG9zdF9saW5rX3VybF9wYWdlIiwic2V0dGluZ3MiOnsicG9zdF9pZCI6IjYwMzcifX0=@\u00bb link_option_url_new_window=\u00bbon\u00bb global_colors_info=\u00bb{}\u00bb]<\/p>\n<p>Por orden de la Delegaci\u00f3n Territorial de M\u00e1laga de la Consejer\u00eda de Desarrollo Educativo y Formaci\u00f3n Profesional el 14\/11\/2024 el centro permanecer\u00e1 cerrado.<\/p>\n<p>El servicio de administraci\u00f3n ser\u00e1 \u00fanicamente telem\u00e1tico.<\/p>\n<p>[\/et_pb_fullwidth_header][\/et_pb_section][et_pb_section fb_built=\u00bb1&#8243; fullwidth=\u00bbon\u00bb disabled_on=\u00bbon|on|on\u00bb _builder_version=\u00bb4.27.4&#8243; _module_preset=\u00bbdefault\u00bb custom_margin=\u00bb||-32px|||\u00bb disabled=\u00bbon\u00bb global_colors_info=\u00bb{}\u00bb][et_pb_fullwidth_header title=\u00bbMatr\u00edculas 2025\/2026&#8243; text_orientation=\u00bbcenter\u00bb button_one_text=\u00bbConsultar informaci\u00f3n\u00bb button_one_url=\u00bb@ET-DC@eyJkeW5hbWljIjp0cnVlLCJjb250ZW50IjoicG9zdF9saW5rX3VybF9wYWdlIiwic2V0dGluZ3MiOnsicG9zdF9pZCI6IjYwMzcifX0=@\u00bb button_one_text_tablet=\u00bbM\u00e1s informaci\u00f3n\u00bb button_one_text_phone=\u00bbM\u00e1s informaci\u00f3n\u00bb button_one_text_last_edited=\u00bbon|phone\u00bb _builder_version=\u00bb4.27.4&#8243; _dynamic_attributes=\u00bblink_option_url,button_one_url\u00bb _module_preset=\u00bbdefault\u00bb background_color=\u00bb#E09900&#8243; custom_button_one=\u00bbon\u00bb button_one_icon=\u00bb&#xf05a;||fa||900&#8243; button_one_icon_color=\u00bb#FFFFFF\u00bb button_one_icon_placement=\u00bbleft\u00bb button_one_on_hover=\u00bboff\u00bb link_option_url=\u00bb@ET-DC@eyJkeW5hbWljIjp0cnVlLCJjb250ZW50IjoicG9zdF9saW5rX3VybF9wYWdlIiwic2V0dGluZ3MiOnsicG9zdF9pZCI6IjYwMzcifX0=@\u00bb link_option_url_new_window=\u00bbon\u00bb global_colors_info=\u00bb{}\u00bb]<\/p>\n<p>Debido a los problemas t\u00e9cnicos que ha habido a\u00f1os anteriores, rogamos que no hagan la matr\u00edcula de manera telem\u00e1tica, podr\u00edan resultar no matriculados o tener problemas con los horarios.<\/p>\n<p>Sigan escrupulosamente las instrucciones para la matriculaci\u00f3n presencial.<\/p>\n<p>[\/et_pb_fullwidth_header][\/et_pb_section][et_pb_section fb_built=\u00bb1&#8243; fullwidth=\u00bbon\u00bb disabled_on=\u00bboff|off|off\u00bb _builder_version=\u00bb4.27.5&#8243; _module_preset=\u00bbdefault\u00bb global_colors_info=\u00bb{}\u00bb][et_pb_fullwidth_header title=\u00bbAdmisi\u00f3n 2026\/2027&#8243; text_orientation=\u00bbcenter\u00bb button_one_text=\u00bbConsultar informaci\u00f3n\u00bb button_one_url=\u00bb@ET-DC@eyJkeW5hbWljIjp0cnVlLCJjb250ZW50IjoicG9zdF9saW5rX3VybF9wYWdlIiwic2V0dGluZ3MiOnsicG9zdF9pZCI6IjU0ODEifX0=@\u00bb button_one_text_tablet=\u00bbM\u00e1s informaci\u00f3n\u00bb button_one_text_phone=\u00bbM\u00e1s informaci\u00f3n\u00bb button_one_text_last_edited=\u00bbon|tablet\u00bb _builder_version=\u00bb4.27.5&#8243; _dynamic_attributes=\u00bblink_option_url,button_one_url\u00bb _module_preset=\u00bbdefault\u00bb subhead_font_size=\u00bb20px\u00bb background_color=\u00bbgcid-3983dced-fe87-44ba-9ef4-44403aa1bc2b\u00bb custom_button_one=\u00bbon\u00bb button_one_border_color=\u00bb#FFFFFF\u00bb button_one_icon=\u00bb&#xf05a;||fa||900&#8243; button_one_icon_placement=\u00bbleft\u00bb button_one_on_hover=\u00bboff\u00bb link_option_url=\u00bb@ET-DC@eyJkeW5hbWljIjp0cnVlLCJjb250ZW50IjoicG9zdF9saW5rX3VybF9wYWdlIiwic2V0dGluZ3MiOnsicG9zdF9pZCI6IjU0ODEifX0=@\u00bb global_colors_info=\u00bb{%22gcid-3983dced-fe87-44ba-9ef4-44403aa1bc2b%22:%91%22background_color%22%93}\u00bb][\/et_pb_fullwidth_header][\/et_pb_section][et_pb_section fb_built=\u00bb1&#8243; _builder_version=\u00bb4.16&#8243; global_colors_info=\u00bb{}\u00bb][et_pb_row _builder_version=\u00bb4.16&#8243; background_size=\u00bbinitial\u00bb background_position=\u00bbtop_left\u00bb background_repeat=\u00bbrepeat\u00bb global_colors_info=\u00bb{}\u00bb][et_pb_column type=\u00bb4_4&#8243; _builder_version=\u00bb4.16&#8243; custom_padding=\u00bb|||\u00bb global_colors_info=\u00bb{}\u00bb custom_padding__hover=\u00bb|||\u00bb][et_pb_text _builder_version=\u00bb4.24.0&#8243; text_font=\u00bbMontserrat|700|||||||\u00bb text_font_size=\u00bb32px\u00bb text_line_height=\u00bb1.6em\u00bb text_orientation=\u00bbcenter\u00bb text_font_size_tablet=\u00bb28px\u00bb text_font_size_phone=\u00bb28px\u00bb text_font_size_last_edited=\u00bbon|tablet\u00bb global_colors_info=\u00bb{}\u00bb]<\/p>\n<p>Conservatorio Profesional de M\u00fasica Gonzalo Mart\u00edn Tenllado<\/p>\n<p>[\/et_pb_text][\/et_pb_column][\/et_pb_row][et_pb_row column_structure=\u00bb1_2,1_2&#8243; _builder_version=\u00bb4.24.2&#8243; background_size=\u00bbinitial\u00bb background_position=\u00bbtop_left\u00bb background_repeat=\u00bbrepeat\u00bb global_colors_info=\u00bb{}\u00bb][et_pb_column type=\u00bb1_2&#8243; _builder_version=\u00bb4.16&#8243; custom_padding=\u00bb|||\u00bb global_colors_info=\u00bb{}\u00bb custom_padding__hover=\u00bb|||\u00bb][et_pb_image src=\u00bbhttps:\/\/cpmtenllado.es\/main\/wp-content\/uploads\/img\/deco\/fachada-principal.jpg\u00bb title_text=\u00bbfachada-principal\u00bb show_in_lightbox=\u00bbon\u00bb align_tablet=\u00bbcenter\u00bb align_phone=\u00bb\u00bb align_last_edited=\u00bbon|desktop\u00bb _builder_version=\u00bb4.24.2&#8243; animation_direction=\u00bbright\u00bb border_radii=\u00bbon|1px|1px|1px|1px\u00bb box_shadow_style=\u00bbpreset1&#8243; global_colors_info=\u00bb{}\u00bb][\/et_pb_image][\/et_pb_column][et_pb_column type=\u00bb1_2&#8243; _builder_version=\u00bb4.16&#8243; custom_padding=\u00bb|||\u00bb global_colors_info=\u00bb{}\u00bb custom_padding__hover=\u00bb|||\u00bb][et_pb_image src=\u00bbhttps:\/\/cpmtenllado.es\/main\/wp-content\/uploads\/img\/deco\/patio-1.jpg\u00bb title_text=\u00bbpatio-1&#8243; show_in_lightbox=\u00bbon\u00bb align_tablet=\u00bbcenter\u00bb align_phone=\u00bb\u00bb align_last_edited=\u00bbon|desktop\u00bb _builder_version=\u00bb4.24.2&#8243; animation_direction=\u00bbleft\u00bb box_shadow_style=\u00bbpreset1&#8243; global_colors_info=\u00bb{}\u00bb][\/et_pb_image][\/et_pb_column][\/et_pb_row][\/et_pb_section][et_pb_section fb_built=\u00bb1&#8243; _builder_version=\u00bb4.27.5&#8243; hover_enabled=\u00bb0&#8243; global_colors_info=\u00bb{}\u00bb background_color=\u00bb#eeeeee\u00bb sticky_enabled=\u00bb0&#8243;][et_pb_row _builder_version=\u00bb4.27.5&#8243; background_size=\u00bbinitial\u00bb background_position=\u00bbtop_left\u00bb background_repeat=\u00bbrepeat\u00bb width=\u00bbauto\u00bb module_alignment=\u00bbcenter\u00bb global_colors_info=\u00bb{}\u00bb][et_pb_column type=\u00bb4_4&#8243; _builder_version=\u00bb4.16&#8243; custom_padding=\u00bb|||\u00bb global_colors_info=\u00bb{}\u00bb custom_padding__hover=\u00bb|||\u00bb][et_pb_text _builder_version=\u00bb4.16&#8243; global_colors_info=\u00bb{}\u00bb]<\/p>\n<h2><strong>\u00daltimas noticias<\/strong><\/h2>\n<p>[\/et_pb_text][et_pb_blog fullwidth=\u00bboff\u00bb posts_number=\u00bb3&#8243; include_categories=\u00bb3&#8243; show_more=\u00bbon\u00bb show_author=\u00bboff\u00bb show_categories=\u00bboff\u00bb _builder_version=\u00bb4.27.5&#8243; animation_direction=\u00bbright\u00bb box_shadow_style=\u00bbpreset1&#8243; box_shadow_vertical=\u00bb0px\u00bb box_shadow_spread=\u00bb4px\u00bb global_colors_info=\u00bb{}\u00bb box_shadow_horizontal__hover_enabled=\u00bbon|desktop\u00bb box_shadow_vertical__hover_enabled=\u00bbon|hover\u00bb box_shadow_vertical__hover=\u00bb4px\u00bb box_shadow_spread__hover_enabled=\u00bbon|desktop\u00bb box_shadow_spread__hover=\u00bb8px\u00bb][\/et_pb_blog][\/et_pb_column][\/et_pb_row][et_pb_row _builder_version=\u00bb4.27.5&#8243; background_size=\u00bbinitial\u00bb background_position=\u00bbtop_left\u00bb background_repeat=\u00bbrepeat\u00bb width=\u00bbauto\u00bb module_alignment=\u00bbcenter\u00bb global_colors_info=\u00bb{}\u00bb][et_pb_column type=\u00bb4_4&#8243; _builder_version=\u00bb4.16&#8243; custom_padding=\u00bb|||\u00bb global_colors_info=\u00bb{}\u00bb custom_padding__hover=\u00bb|||\u00bb][et_pb_text _builder_version=\u00bb4.27.5&#8243; global_colors_info=\u00bb{}\u00bb]<\/p>\n<h2>Pr\u00f3ximos eventos<\/h2>\n<p>[\/et_pb_text][et_pb_blog fullwidth=\u00bboff\u00bb posts_number=\u00bb3&#8243; include_categories=\u00bb43&#8243; show_more=\u00bbon\u00bb show_author=\u00bboff\u00bb show_categories=\u00bboff\u00bb _builder_version=\u00bb4.27.5&#8243; animation_direction=\u00bbright\u00bb box_shadow_style=\u00bbpreset1&#8243; box_shadow_vertical=\u00bb0px\u00bb box_shadow_spread=\u00bb4px\u00bb global_colors_info=\u00bb{}\u00bb box_shadow_horizontal__hover_enabled=\u00bbon|desktop\u00bb box_shadow_vertical__hover_enabled=\u00bbon|hover\u00bb box_shadow_vertical__hover=\u00bb4px\u00bb box_shadow_spread__hover_enabled=\u00bbon|desktop\u00bb box_shadow_spread__hover=\u00bb8px\u00bb][\/et_pb_blog][\/et_pb_column][\/et_pb_row][\/et_pb_section][et_pb_section fb_built=\u00bb1&#8243; _builder_version=\u00bb4.27.5&#8243; background_color=\u00bb#FFFFFF\u00bb hover_enabled=\u00bb0&#8243; global_colors_info=\u00bb{}\u00bb sticky_enabled=\u00bb0&#8243;][et_pb_row _builder_version=\u00bb4.24.2&#8243; background_color=\u00bbRGBA(255,255,255,0)\u00bb global_colors_info=\u00bb{}\u00bb][et_pb_column type=\u00bb4_4&#8243; _builder_version=\u00bb4.16&#8243; custom_padding=\u00bb|||\u00bb global_colors_info=\u00bb{}\u00bb custom_padding__hover=\u00bb|||\u00bb][et_pb_cta title=\u00bbConservatorio Profesional de M\u00fasica\u00bb button_url=\u00bbhttps:\/\/www.google.es\/maps\/@36.686736,-4.453212,3a,75y,200.41h,116.67t\/data=!3m8!1e1!3m6!1sAF1QipMq6bYWyN6QD3-hDQ-rknJ7GQV0N_Si7PIBaN8X!2e10!3e11!6shttps:%2F%2Flh5.googleusercontent.com%2Fp%2FAF1QipMq6bYWyN6QD3-hDQ-rknJ7GQV0N_Si7PIBaN8X%3Dw203-h100-k-no-pi-0-ya158.47351-ro-0-fo100!7i8000!8i4000?shorturl=1&#8243; url_new_window=\u00bbon\u00bb button_text=\u00bbVisita Virtual\u00bb _builder_version=\u00bb4.24.2&#8243; header_level=\u00bbh6&#8243; header_font=\u00bbMontserrat|700|||||||\u00bb header_text_align=\u00bbcenter\u00bb header_text_color=\u00bbgcid-3d5cb451-36bf-4ba2-8718-c833c1ab470a\u00bb header_font_size=\u00bb26px\u00bb body_text_color=\u00bbgcid-3d5cb451-36bf-4ba2-8718-c833c1ab470a\u00bb use_background_color=\u00bboff\u00bb background_layout=\u00bblight\u00bb global_colors_info=\u00bb{%22gcid-3d5cb451-36bf-4ba2-8718-c833c1ab470a%22:%91%22body_text_color%22,%22header_text_color%22%93}\u00bb button_text_size__hover_enabled=\u00bboff\u00bb button_one_text_size__hover_enabled=\u00bboff\u00bb button_two_text_size__hover_enabled=\u00bboff\u00bb button_text_color__hover_enabled=\u00bboff\u00bb button_one_text_color__hover_enabled=\u00bboff\u00bb button_two_text_color__hover_enabled=\u00bboff\u00bb button_border_width__hover_enabled=\u00bboff\u00bb button_one_border_width__hover_enabled=\u00bboff\u00bb button_two_border_width__hover_enabled=\u00bboff\u00bb button_border_color__hover_enabled=\u00bboff\u00bb button_one_border_color__hover_enabled=\u00bboff\u00bb button_two_border_color__hover_enabled=\u00bboff\u00bb button_border_radius__hover_enabled=\u00bboff\u00bb button_one_border_radius__hover_enabled=\u00bboff\u00bb button_two_border_radius__hover_enabled=\u00bboff\u00bb button_letter_spacing__hover_enabled=\u00bboff\u00bb button_one_letter_spacing__hover_enabled=\u00bboff\u00bb button_two_letter_spacing__hover_enabled=\u00bboff\u00bb button_bg_color__hover_enabled=\u00bboff\u00bb button_one_bg_color__hover_enabled=\u00bboff\u00bb button_two_bg_color__hover_enabled=\u00bboff\u00bb]<\/p>\n<h2 style=\"text-align: center;\"><strong>Gonzalo Mart\u00edn Tenllado<\/strong><\/h2>\n<h2 style=\"text-align: center;\">Con\u00f3cenos haciendo un recorrido por nuestras instalaciones<\/h2>\n<p>[\/et_pb_cta][\/et_pb_column][\/et_pb_row][\/et_pb_section]<\/p>\n","protected":false},"excerpt":{"rendered":"<p>Por orden de la Delegaci\u00f3n Territorial de M\u00e1laga de la Consejer\u00eda de Desarrollo Educativo y Formaci\u00f3n Profesional el 14\/11\/2024 el centro permanecer\u00e1 cerrado. El servicio de administraci\u00f3n ser\u00e1 \u00fanicamente telem\u00e1tico.Debido a los problemas t\u00e9cnicos que ha habido a\u00f1os anteriores, rogamos que no hagan la matr\u00edcula de manera telem\u00e1tica, podr\u00edan resultar no matriculados o tener problemas con los horarios. Sigan escrupulosamente las instrucciones para la matriculaci\u00f3n presencial.Conservatorio Profesional de M\u00fasica Gonzalo Mart\u00edn Tenllado\u00daltimas noticiasPr\u00f3ximos eventosGonzalo Mart\u00edn Tenllado Con\u00f3cenos haciendo un recorrido por nuestras instalaciones<\/p>\n","protected":false},"author":2,"featured_media":0,"parent":0,"menu_order":0,"comment_status":"closed","ping_status":"closed","template":"","meta":{"_et_pb_use_builder":"on","_et_pb_old_content":"","_et_gb_content_width":"","footnotes":""},"class_list":["post-8","page","type-page","status-publish","hentry"],"_links":{"self":[{"href":"https:\/\/cpmtenllado.es\/main\/wp-json\/wp\/v2\/pages\/8","targetHints":{"allow":["GET"]}}],"collection":[{"href":"https:\/\/cpmtenllado.es\/main\/wp-json\/wp\/v2\/pages"}],"about":[{"href":"https:\/\/cpmtenllado.es\/main\/wp-json\/wp\/v2\/types\/page"}],"author":[{"embeddable":true,"href":"https:\/\/cpmtenllado.es\/main\/wp-json\/wp\/v2\/users\/2"}],"replies":[{"embeddable":true,"href":"https:\/\/cpmtenllado.es\/main\/wp-json\/wp\/v2\/comments?post=8"}],"version-history":[{"count":41,"href":"https:\/\/cpmtenllado.es\/main\/wp-json\/wp\/v2\/pages\/8\/revisions"}],"predecessor-version":[{"id":12349,"href":"https:\/\/cpmtenllado.es\/main\/wp-json\/wp\/v2\/pages\/8\/revisions\/12349"}],"wp:attachment":[{"href":"https:\/\/cpmtenllado.es\/main\/wp-json\/wp\/v2\/media?parent=8"}],"curies":[{"name":"wp","href":"https:\/\/api.w.org\/{rel}","templated":true}]}}